{"id":2935,"date":"2025-02-02T12:00:22","date_gmt":"2025-02-02T11:00:22","guid":{"rendered":"https:\/\/ellevildehotel.dk\/unternehmen-meetings\/"},"modified":"2025-12-20T17:12:53","modified_gmt":"2025-12-20T16:12:53","slug":"unternehmen-meetings","status":"publish","type":"page","link":"https:\/\/ellevildehotel.dk\/de\/unternehmen-meetings\/","title":{"rendered":"Veranstaltungen"},"content":{"rendered":"\t\t<div data-elementor-type=\"wp-page\" data-elementor-id=\"2935\" class=\"elementor elementor-2935 elementor-18\" data-elementor-post-type=\"page\">\n\t\t\t\t<div class=\"elementor-element elementor-element-747c5ea0 e-con-full e-flex e-con e-parent\" data-id=\"747c5ea0\" data-element_type=\"container\" data-e-type=\"container\" data-settings=\"{&quot;background_background&quot;:&quot;classic&quot;}\">\n\t\t<div class=\"elementor-element elementor-element-2f9ce5d e-flex e-con-boxed e-con e-child\" data-id=\"2f9ce5d\" data-element_type=\"container\" data-e-type=\"container\">\n\t\t\t\t\t<div class=\"e-con-inner\">\n\t\t\t\t<div class=\"elementor-element elementor-element-6da14897 elementor-widget elementor-widget-heading\" data-id=\"6da14897\" data-element_type=\"widget\" data-e-type=\"widget\" data-widget_type=\"heading.default\">\n\t\t\t\t<div class=\"elementor-widget-container\">\n\t\t\t\t\t<h2 class=\"elementor-heading-title elementor-size-default\">ELLEVILDE VERANSTALTUNGEN<\/h2>\t\t\t\t<\/div>\n\t\t\t\t<\/div>\n\t\t\t\t\t<\/div>\n\t\t\t\t<\/div>\n\t\t<div class=\"elementor-element elementor-element-3537e8f e-con-full e-flex e-con e-child\" data-id=\"3537e8f\" data-element_type=\"container\" data-e-type=\"container\">\n\t\t\t\t<div class=\"elementor-element elementor-element-85cfa13 elementor-widget elementor-widget-text-editor\" data-id=\"85cfa13\" data-element_type=\"widget\" data-e-type=\"widget\" data-widget_type=\"text-editor.default\">\n\t\t\t\t<div class=\"elementor-widget-container\">\n\t\t\t\t\t\t\t\t\t<p>Unsere R\u00e4ume sind perfekt f\u00fcr jede Veranstaltung.<br>Bei uns k\u00f6nnen Sie einen Geburtstag, eine Hochzeit, eine Taufe, eine Konfirmation<br>oder ein Familientreffen feiern. <br>Ein Fest bei uns sollte genau so sein, wie Sie es sich ertr\u00e4umen.<br>Sie f\u00fcgen Ihre pers\u00f6nliche Note hinzu und wir k\u00fcmmern uns um den Rest.<\/p><p>Wir haben sowohl sch\u00f6ne Innen- als auch Au\u00dfenbereiche,<br>, die Sie genie\u00dfen k\u00f6nnen.<\/p>\t\t\t\t\t\t\t\t<\/div>\n\t\t\t\t<\/div>\n\t\t\t\t<\/div>\n\t\t\t\t<\/div>\n\t\t<div class=\"elementor-element elementor-element-6e2b2c7 e-flex e-con-boxed e-con e-parent\" data-id=\"6e2b2c7\" data-element_type=\"container\" data-e-type=\"container\" data-settings=\"{&quot;background_background&quot;:&quot;classic&quot;}\">\n\t\t\t\t\t<div class=\"e-con-inner\">\n\t\t<div class=\"elementor-element elementor-element-af430cc e-con-full e-flex e-con e-child\" data-id=\"af430cc\" data-element_type=\"container\" data-e-type=\"container\">\n\t\t<div class=\"elementor-element elementor-element-fe4f767 e-con-full e-flex e-con e-child\" data-id=\"fe4f767\" data-element_type=\"container\" data-e-type=\"container\">\n\t\t\t\t<div class=\"elementor-element elementor-element-4f523e3 elementor-mobile-position-inline-start elementor-view-default elementor-position-block-start elementor-widget elementor-widget-icon-box\" data-id=\"4f523e3\" data-element_type=\"widget\" data-e-type=\"widget\" data-widget_type=\"icon-box.default\">\n\t\t\t\t<div class=\"elementor-widget-container\">\n\t\t\t\t\t\t\t<div class=\"elementor-icon-box-wrapper\">\n\n\t\t\t\t\t\t<div class=\"elementor-icon-box-icon\">\n\t\t\t\t<a href=\"#wedding\" class=\"elementor-icon\" tabindex=\"-1\">\n\t\t\t\t<i aria-hidden=\"true\" class=\"icofont icofont-jewlery\"><\/i>\t\t\t\t<\/a>\n\t\t\t<\/div>\n\t\t\t\n\t\t\t\t\t\t<div class=\"elementor-icon-box-content\">\n\n\t\t\t\t\n\t\t\t\t\t\t\t\t\t<p class=\"elementor-icon-box-description\">\n\t\t\t\t\t\tHochzeit\t\t\t\t\t<\/p>\n\t\t\t\t\n\t\t\t<\/div>\n\t\t\t\n\t\t<\/div>\n\t\t\t\t\t\t<\/div>\n\t\t\t\t<\/div>\n\t\t\t\t<\/div>\n\t\t<div class=\"elementor-element elementor-element-fbff7a9 e-con-full e-flex e-con e-child\" data-id=\"fbff7a9\" data-element_type=\"container\" data-e-type=\"container\">\n\t\t\t\t<div class=\"elementor-element elementor-element-64eb07a elementor-mobile-position-inline-start elementor-view-default elementor-position-block-start elementor-widget elementor-widget-icon-box\" data-id=\"64eb07a\" data-element_type=\"widget\" data-e-type=\"widget\" data-widget_type=\"icon-box.default\">\n\t\t\t\t<div class=\"elementor-widget-container\">\n\t\t\t\t\t\t\t<div class=\"elementor-icon-box-wrapper\">\n\n\t\t\t\t\t\t<div class=\"elementor-icon-box-icon\">\n\t\t\t\t<a href=\"#day\" class=\"elementor-icon\" tabindex=\"-1\">\n\t\t\t\t<svg aria-hidden=\"true\" class=\"e-font-icon-svg e-fas-cocktail\" viewBox=\"0 0 576 512\" xmlns=\"http:\/\/www.w3.org\/2000\/svg\"><path d=\"M296 464h-56V338.78l168.74-168.73c15.52-15.52 4.53-42.05-17.42-42.05H24.68c-21.95 0-32.94 26.53-17.42 42.05L176 338.78V464h-56c-22.09 0-40 17.91-40 40 0 4.42 3.58 8 8 8h240c4.42 0 8-3.58 8-8 0-22.09-17.91-40-40-40zM432 0c-62.61 0-115.35 40.2-135.18 96h52.54c16.65-28.55 47.27-48 82.64-48 52.93 0 96 43.06 96 96s-43.07 96-96 96c-14.04 0-27.29-3.2-39.32-8.64l-35.26 35.26C379.23 279.92 404.59 288 432 288c79.53 0 144-64.47 144-144S511.53 0 432 0z\"><\/path><\/svg>\t\t\t\t<\/a>\n\t\t\t<\/div>\n\t\t\t\n\t\t\t\t\t\t<div class=\"elementor-icon-box-content\">\n\n\t\t\t\t\n\t\t\t\t\t\t\t\t\t<p class=\"elementor-icon-box-description\">\n\t\t\t\t\t\tFeste im Leben\t\t\t\t\t<\/p>\n\t\t\t\t\n\t\t\t<\/div>\n\t\t\t\n\t\t<\/div>\n\t\t\t\t\t\t<\/div>\n\t\t\t\t<\/div>\n\t\t\t\t<\/div>\n\t\t<div class=\"elementor-element elementor-element-eeb0c8e e-con-full e-flex e-con e-child\" data-id=\"eeb0c8e\" data-element_type=\"container\" data-e-type=\"container\">\n\t\t\t\t<div class=\"elementor-element elementor-element-0971a50 elementor-mobile-position-inline-start elementor-view-default elementor-position-block-start elementor-widget elementor-widget-icon-box\" data-id=\"0971a50\" data-element_type=\"widget\" data-e-type=\"widget\" data-widget_type=\"icon-box.default\">\n\t\t\t\t<div class=\"elementor-widget-container\">\n\t\t\t\t\t\t\t<div class=\"elementor-icon-box-wrapper\">\n\n\t\t\t\t\t\t<div class=\"elementor-icon-box-icon\">\n\t\t\t\t<a href=\"#commemoration\" class=\"elementor-icon\" tabindex=\"-1\">\n\t\t\t\t<i aria-hidden=\"true\" class=\"ion ion-ios-rose\"><\/i>\t\t\t\t<\/a>\n\t\t\t<\/div>\n\t\t\t\n\t\t\t\t\t\t<div class=\"elementor-icon-box-content\">\n\n\t\t\t\t\n\t\t\t\t\t\t\t\t\t<p class=\"elementor-icon-box-description\">\n\t\t\t\t\t\tGedenkzeremonie\t\t\t\t\t<\/p>\n\t\t\t\t\n\t\t\t<\/div>\n\t\t\t\n\t\t<\/div>\n\t\t\t\t\t\t<\/div>\n\t\t\t\t<\/div>\n\t\t\t\t<\/div>\n\t\t\t\t<\/div>\n\t\t\t\t\t<\/div>\n\t\t\t\t<\/div>\n\t\t<div class=\"elementor-element elementor-element-66c0d6f2 e-flex e-con-boxed e-con e-parent\" data-id=\"66c0d6f2\" data-element_type=\"container\" data-e-type=\"container\" data-settings=\"{&quot;background_background&quot;:&quot;classic&quot;}\">\n\t\t\t\t\t<div class=\"e-con-inner\">\n\t\t<div class=\"elementor-element elementor-element-71f8e099 e-con-full e-flex e-con e-child\" data-id=\"71f8e099\" data-element_type=\"container\" data-e-type=\"container\" data-settings=\"{&quot;background_background&quot;:&quot;classic&quot;}\">\n\t\t\t\t<div class=\"elementor-element elementor-element-359678d6 elementor-widget elementor-widget-text-editor\" data-id=\"359678d6\" data-element_type=\"widget\" data-e-type=\"widget\" data-widget_type=\"text-editor.default\">\n\t\t\t\t<div class=\"elementor-widget-container\">\n\t\t\t\t\t\t\t\t\t<p><strong>Hochzeit<\/strong><\/p><p>Begr\u00fc\u00dfungsgetr\u00e4nk im Garten serviert<\/p><p>3-G\u00e4nge-Men\u00fc nach Ihren W\u00fcnschen<br>Bier, Wasser und Hausweine ad libitum<\/p><p>Petit fours<br>Kaffee, Tee und Avec<\/p><p>Nacht-Snack<\/p><p>Sch\u00f6n gedeckter Tisch mit einfachen Blumen der Saison<\/p><p>Gedeckpreis pro Person. DKK 1.295,-<\/p><p>Vermietung von ELLEVILDE Boutique HOTEL<br>inkl. 12 Doppelzimmer DKK 28.000,-<br>(Mai-September DKK 33.000,-)<\/p><p><em>Aufpreis bei weniger als 40 G\u00e4sten<\/em><\/p><p><em>Es besteht die M\u00f6glichkeit, Zusatzbetten zu bestellen:<br><\/em><em>Zus\u00e4tzliche Schlafpl\u00e4tze in der N\u00e4he,<br><\/em><em>kostenlose &#8222;harte&#8220; Bar, <\/em><em>Live-Musik, Hochzeitstorte, etc.<\/em><\/p>\t\t\t\t\t\t\t\t<\/div>\n\t\t\t\t<\/div>\n\t\t\t\t<\/div>\n\t\t<div class=\"elementor-element elementor-element-2da1f6c8 e-con-full e-flex e-con e-child\" data-id=\"2da1f6c8\" data-element_type=\"container\" data-e-type=\"container\" data-settings=\"{&quot;background_background&quot;:&quot;classic&quot;}\">\n\t\t\t\t<div class=\"elementor-element elementor-element-59ff518 elementor-widget elementor-widget-menu-anchor\" data-id=\"59ff518\" data-element_type=\"widget\" data-e-type=\"widget\" data-widget_type=\"menu-anchor.default\">\n\t\t\t\t<div class=\"elementor-widget-container\">\n\t\t\t\t\t\t\t<div class=\"elementor-menu-anchor\" id=\"wedding\"><\/div>\n\t\t\t\t\t\t<\/div>\n\t\t\t\t<\/div>\n\t\t\t\t<div class=\"elementor-element elementor-element-1f70ff9 elementor-widget elementor-widget-heading\" data-id=\"1f70ff9\" data-element_type=\"widget\" data-e-type=\"widget\" data-widget_type=\"heading.default\">\n\t\t\t\t<div class=\"elementor-widget-container\">\n\t\t\t\t\t<h2 class=\"elementor-heading-title elementor-size-default\">ELLEVILDE HOCHZEIT<\/h2>\t\t\t\t<\/div>\n\t\t\t\t<\/div>\n\t\t<div class=\"elementor-element elementor-element-115f2831 e-con-full e-flex e-con e-child\" data-id=\"115f2831\" data-element_type=\"container\" data-e-type=\"container\" data-settings=\"{&quot;background_background&quot;:&quot;classic&quot;}\">\n\t\t\t\t<div class=\"elementor-element elementor-element-9f0d6c3 elementor-widget elementor-widget-text-editor\" data-id=\"9f0d6c3\" data-element_type=\"widget\" data-e-type=\"widget\" data-widget_type=\"text-editor.default\">\n\t\t\t\t<div class=\"elementor-widget-container\">\n\t\t\t\t\t\t\t\t\t<p>Wir w\u00fcrden uns freuen, Ihre Hochzeitsfeier ausrichten zu d\u00fcrfen. Der Rahmen k\u00f6nnte nicht romantischer sein, in einer idyllischen Umgebung mit Blick auf die h\u00fcgelige Natur von M\u00f8n, wo wir eine pers\u00f6nliche und einzigartige Atmosph\u00e4re bieten.<br>Lassen Sie uns gemeinsam eine Hochzeit gestalten, die Ihre k\u00fchnsten Fantasien \u00fcbertrifft.<\/p><p>Nur 1,5 Stunden von Kopenhagen entfernt erwartet Sie eine m\u00e4rchenhafte Hochzeitsfeier.<\/p><p>Wir machen Ihnen einen Vorschlag f\u00fcr das Fest und gehen die Planung im Detail mit Ihnen durch, damit der Tag genau so wird, wie Sie es sich w\u00fcnschen. Wir helfen Ihnen gerne bei der Suche nach lokalen Anbietern, wenn Sie zus\u00e4tzliche Eink\u00e4ufe t\u00e4tigen m\u00f6chten. <\/p><p>Sie haben das ELLEVILDE Boutique Hotel mit 12 Doppelzimmern ganz f\u00fcr sich allein. Das bedeutet, dass Ihre Feier v\u00f6llig ungest\u00f6rt und ohne R\u00fccksicht auf andere \u00dcbernachtungsg\u00e4ste stattfinden kann. <\/p><p>Wir k\u00f6nnen Ihnen helfen, zus\u00e4tzliche Schlafpl\u00e4tze in der N\u00e4he zu finden.<\/p><p>Eine 7-st\u00fcndige Veranstaltung kann wie folgt aussehen, aber wir passen uns gerne Ihren W\u00fcnschen an, also kontaktieren Sie uns noch heute <a href=\"tel:+4530225720\">+45 30 22 57 20<\/a><\/p>\t\t\t\t\t\t\t\t<\/div>\n\t\t\t\t<\/div>\n\t\t\t\t<\/div>\n\t\t\t\t<\/div>\n\t\t\t\t\t<\/div>\n\t\t\t\t<\/div>\n\t\t<div class=\"elementor-element elementor-element-f2bf259 e-flex e-con-boxed e-con e-parent\" data-id=\"f2bf259\" data-element_type=\"container\" data-e-type=\"container\">\n\t\t\t\t\t<div class=\"e-con-inner\">\n\t\t\t\t<div class=\"elementor-element elementor-element-dff7c92 elementor-widget elementor-widget-gallery\" data-id=\"dff7c92\" data-element_type=\"widget\" data-e-type=\"widget\" data-settings=\"{&quot;gap&quot;:{&quot;unit&quot;:&quot;px&quot;,&quot;size&quot;:5,&quot;sizes&quot;:[]},&quot;lazyload&quot;:&quot;yes&quot;,&quot;gallery_layout&quot;:&quot;grid&quot;,&quot;columns&quot;:4,&quot;columns_tablet&quot;:2,&quot;columns_mobile&quot;:1,&quot;gap_tablet&quot;:{&quot;unit&quot;:&quot;px&quot;,&quot;size&quot;:10,&quot;sizes&quot;:[]},&quot;gap_mobile&quot;:{&quot;unit&quot;:&quot;px&quot;,&quot;size&quot;:10,&quot;sizes&quot;:[]},&quot;aspect_ratio&quot;:&quot;3:2&quot;}\" data-widget_type=\"gallery.default\">\n\t\t\t\t<div class=\"elementor-widget-container\">\n\t\t\t\t\t\t\t<div class=\"elementor-gallery__container\">\n\t\t\t\t\t\t\t<div class=\"e-gallery-item elementor-gallery-item\">\n\t\t\t\t\t<div class=\"e-gallery-image elementor-gallery-item__image\" data-thumbnail=\"https:\/\/ellevildehotel.dk\/wp-content\/uploads\/2025\/03\/Selskabslokale.jpg\" data-width=\"1440\" data-height=\"1440\" aria-label=\"\" role=\"img\" ><\/div>\n\t\t\t\t\t\t\t\t\t\t\t\t\t\t<\/div>\n\t\t\t\t\t\t\t<div class=\"e-gallery-item elementor-gallery-item\">\n\t\t\t\t\t<div class=\"e-gallery-image elementor-gallery-item__image\" data-thumbnail=\"https:\/\/ellevildehotel.dk\/wp-content\/uploads\/2025\/03\/ellevilde.hotel_1665669704_2948173621237757660_305731196.jpg\" data-width=\"1440\" data-height=\"1800\" aria-label=\"\" role=\"img\" ><\/div>\n\t\t\t\t\t\t\t\t\t\t\t\t\t\t<\/div>\n\t\t\t\t\t\t\t<div class=\"e-gallery-item elementor-gallery-item\">\n\t\t\t\t\t<div class=\"e-gallery-image elementor-gallery-item__image\" data-thumbnail=\"https:\/\/ellevildehotel.dk\/wp-content\/uploads\/2025\/03\/ellevilde.hotel_1622535880_2586340876704134271_305731196.jpg\" data-width=\"1001\" data-height=\"1001\" aria-label=\"\" role=\"img\" ><\/div>\n\t\t\t\t\t\t\t\t\t\t\t\t\t\t<\/div>\n\t\t\t\t\t\t\t<div class=\"e-gallery-item elementor-gallery-item\">\n\t\t\t\t\t<div class=\"e-gallery-image elementor-gallery-item__image\" data-thumbnail=\"https:\/\/ellevildehotel.dk\/wp-content\/uploads\/2025\/03\/ellevilde.hotel_1625666767_2612604665917171852_305731196.jpg\" data-width=\"1440\" data-height=\"1440\" aria-label=\"\" role=\"img\" ><\/div>\n\t\t\t\t\t\t\t\t\t\t\t\t\t\t<\/div>\n\t\t\t\t\t<\/div>\n\t\t\t\t\t<\/div>\n\t\t\t\t<\/div>\n\t\t\t\t\t<\/div>\n\t\t\t\t<\/div>\n\t\t<div class=\"elementor-element elementor-element-78cd4330 e-flex e-con-boxed e-con e-parent\" data-id=\"78cd4330\" data-element_type=\"container\" data-e-type=\"container\" data-settings=\"{&quot;background_background&quot;:&quot;classic&quot;}\">\n\t\t\t\t\t<div class=\"e-con-inner\">\n\t\t<div class=\"elementor-element elementor-element-4125996a e-con-full e-flex e-con e-child\" data-id=\"4125996a\" data-element_type=\"container\" data-e-type=\"container\" data-settings=\"{&quot;background_background&quot;:&quot;classic&quot;}\">\n\t\t\t\t<div class=\"elementor-element elementor-element-60d45cf elementor-widget elementor-widget-menu-anchor\" data-id=\"60d45cf\" data-element_type=\"widget\" data-e-type=\"widget\" data-widget_type=\"menu-anchor.default\">\n\t\t\t\t<div class=\"elementor-widget-container\">\n\t\t\t\t\t\t\t<div class=\"elementor-menu-anchor\" id=\"day\"><\/div>\n\t\t\t\t\t\t<\/div>\n\t\t\t\t<\/div>\n\t\t\t\t<div class=\"elementor-element elementor-element-d8b8b1b elementor-widget elementor-widget-heading\" data-id=\"d8b8b1b\" data-element_type=\"widget\" data-e-type=\"widget\" data-widget_type=\"heading.default\">\n\t\t\t\t<div class=\"elementor-widget-container\">\n\t\t\t\t\t<h2 class=\"elementor-heading-title elementor-size-default\">FESTE IM LEBEN<\/h2>\t\t\t\t<\/div>\n\t\t\t\t<\/div>\n\t\t<div class=\"elementor-element elementor-element-1498c6f0 e-con-full e-flex e-con e-child\" data-id=\"1498c6f0\" data-element_type=\"container\" data-e-type=\"container\" data-settings=\"{&quot;background_background&quot;:&quot;classic&quot;}\">\n\t\t\t\t<div class=\"elementor-element elementor-element-3d99dc6c elementor-widget elementor-widget-text-editor\" data-id=\"3d99dc6c\" data-element_type=\"widget\" data-e-type=\"widget\" data-widget_type=\"text-editor.default\">\n\t\t\t\t<div class=\"elementor-widget-container\">\n\t\t\t\t\t\t\t\t\t<p data-sourcepos=\"5:1-5:136\">Tr\u00e4umen Sie von einer Party, an die Sie sich ein Leben lang erinnern? Im Ellevilde Boutique Hotel verwandeln wir Ihre sch\u00f6nsten Momente in unvergessliche Erinnerungen. Es gibt unendlich viele M\u00f6glichkeiten f\u00fcr festliche Veranstaltungen bei ELLEVILDE.    <\/p><p data-sourcepos=\"7:1-7:30\"><strong>Freude, Lachen und der Zauber von M\u00f8n<\/strong><\/p><p data-sourcepos=\"9:1-9:190\">Stellen Sie sich einen Tag voller Freude, Lachen und Pr\u00e4senz vor, umgeben von der herrlichen Natur von M\u00f8n. Unsere gem\u00fctlichen R\u00e4ume bieten den Rahmen f\u00fcr eine Party, bei der Sie sich entspannen und jeden Moment genie\u00dfen k\u00f6nnen. <\/p><p data-sourcepos=\"11:1-11:35\"><strong>Erlebnisse f\u00fcr alle<\/strong><\/p><p data-sourcepos=\"13:1-13:163\">Genie\u00dfen Sie ein \u00fcppiges Buffet mit den k\u00f6stlichsten Spezialit\u00e4ten der Insel, w\u00e4hrend die Kinder in unserem sch\u00f6nen Au\u00dfenbereich frei spielen. Wir sorgen daf\u00fcr, dass Jung und Alt einen sch\u00f6nen Tag haben. <\/p><p data-sourcepos=\"15:1-15:45\"><strong>Ma\u00dfgeschneiderte Partys f\u00fcr jeden Anlass<\/strong><\/p><p data-sourcepos=\"17:1-17:207\">Ob es sich um eine Taufe, eine Konfirmation, einen Geburtstag oder eine andere Feier handelt, wir gestalten eine einzigartige Party, die Ihre W\u00fcnsche widerspiegelt. Vom eleganten Tischgedeck bis zum exquisiten Essen k\u00fcmmern wir uns um jedes Detail. <\/p><p data-sourcepos=\"19:1-19:33\"><strong>Bei Ellevilde k\u00f6nnen Sie erwarten:<\/strong><\/p><p>Atmosph\u00e4rische R\u00e4ume, die Gem\u00fctlichkeit ausstrahlen<\/p><p>Buffet mit k\u00f6stlichen lokalen Spezialit\u00e4ten<\/p><p>Wundersch\u00f6ne Au\u00dfenbereiche zum Spielen und Entspannen<\/p><p>Pers\u00f6nlicher Service und professioneller Ansatz<\/p><p>Ein unvergessliches Fest-Erlebnis<\/p><p data-sourcepos=\"27:1-28:15\">Lassen Sie uns gemeinsam ein Fest gestalten, das Ihre Erwartungen \u00fcbertrifft. Kontaktieren Sie uns noch heute, um Ihre Traumfest mit uns im Ellevilde Boutique Hotel zu planen +45 30 22 57 20 <\/p>\t\t\t\t\t\t\t\t<\/div>\n\t\t\t\t<\/div>\n\t\t\t\t<\/div>\n\t\t\t\t<\/div>\n\t\t<div class=\"elementor-element elementor-element-1e931830 e-con-full e-flex e-con e-child\" data-id=\"1e931830\" data-element_type=\"container\" data-e-type=\"container\" data-settings=\"{&quot;background_background&quot;:&quot;classic&quot;}\">\n\t\t\t\t<div class=\"elementor-element elementor-element-4e21645 elementor-widget elementor-widget-text-editor\" data-id=\"4e21645\" data-element_type=\"widget\" data-e-type=\"widget\" data-widget_type=\"text-editor.default\">\n\t\t\t\t<div class=\"elementor-widget-container\">\n\t\t\t\t\t\t\t\t\t<p><strong>Fest <\/strong><\/p><p>Begr\u00fc\u00dfungsgetr\u00e4nk im Innenhof serviert<\/p><p>Buffet mit Vorspeise, Hauptgericht, Dessert<br>aus lokalen und biologischen Zutaten<\/p><p>Kaffee und Tee<\/p><p>Sch\u00f6n gedeckter Tisch mit einfachen Blumen der Saison<\/p><p>Gedeckpreis pro Person. DKK 695,-<br>min. 40 Personen <\/p><p>Bier\/Wasser\/Hauswein &#8211; ad libitum w\u00e4hrend des Essens DKK 315 pro Person &#8211; oder Bezahlung nach Verbrauch <\/p><p>Tagesmiete von ELLEVILDE Boutique Hotel<br>m\u00f6glich zwischen 12.00-22.00 DKK 8.500,-<br>(Mai-September DKK 9.500,-)*<\/p><p><em>Option zum Kauf:<br>Unterkunft mit Fr\u00fchst\u00fcck, Abendessen<\/em><br><em>kostenlose &#8222;harte&#8220; Bar usw.<\/em><\/p>\t\t\t\t\t\t\t\t<\/div>\n\t\t\t\t<\/div>\n\t\t\t\t<\/div>\n\t\t\t\t\t<\/div>\n\t\t\t\t<\/div>\n\t\t<div class=\"elementor-element elementor-element-37d5274 e-flex e-con-boxed e-con e-parent\" data-id=\"37d5274\" data-element_type=\"container\" data-e-type=\"container\">\n\t\t\t\t\t<div class=\"e-con-inner\">\n\t\t\t\t<div class=\"elementor-element elementor-element-f8b71fe elementor-widget elementor-widget-gallery\" data-id=\"f8b71fe\" data-element_type=\"widget\" data-e-type=\"widget\" data-settings=\"{&quot;gap&quot;:{&quot;unit&quot;:&quot;px&quot;,&quot;size&quot;:5,&quot;sizes&quot;:[]},&quot;lazyload&quot;:&quot;yes&quot;,&quot;gallery_layout&quot;:&quot;grid&quot;,&quot;columns&quot;:4,&quot;columns_tablet&quot;:2,&quot;columns_mobile&quot;:1,&quot;gap_tablet&quot;:{&quot;unit&quot;:&quot;px&quot;,&quot;size&quot;:10,&quot;sizes&quot;:[]},&quot;gap_mobile&quot;:{&quot;unit&quot;:&quot;px&quot;,&quot;size&quot;:10,&quot;sizes&quot;:[]},&quot;aspect_ratio&quot;:&quot;3:2&quot;}\" data-widget_type=\"gallery.default\">\n\t\t\t\t<div class=\"elementor-widget-container\">\n\t\t\t\t\t\t\t<div class=\"elementor-gallery__container\">\n\t\t\t\t\t\t\t<div class=\"e-gallery-item elementor-gallery-item\">\n\t\t\t\t\t<div class=\"e-gallery-image elementor-gallery-item__image\" data-thumbnail=\"https:\/\/ellevildehotel.dk\/wp-content\/uploads\/2025\/03\/ellevilde.hotel_1664987740_2942452888966803126_305731196.jpg\" data-width=\"1440\" data-height=\"1800\" aria-label=\"\" role=\"img\" ><\/div>\n\t\t\t\t\t\t\t\t\t\t\t\t\t\t<\/div>\n\t\t\t\t\t\t\t<div class=\"e-gallery-item elementor-gallery-item\">\n\t\t\t\t\t<div class=\"e-gallery-image elementor-gallery-item__image\" data-thumbnail=\"https:\/\/ellevildehotel.dk\/wp-content\/uploads\/2025\/03\/ellevilde.hotel_1648907832_2807564846737988781_305731196.jpg\" data-width=\"1440\" data-height=\"1800\" aria-label=\"\" role=\"img\" ><\/div>\n\t\t\t\t\t\t\t\t\t\t\t\t\t\t<\/div>\n\t\t\t\t\t\t\t<div class=\"e-gallery-item elementor-gallery-item\">\n\t\t\t\t\t<div class=\"e-gallery-image elementor-gallery-item__image\" data-thumbnail=\"https:\/\/ellevildehotel.dk\/wp-content\/uploads\/2025\/03\/Jamsession-med-mad-hos-56-grader-pr-foto-Mikkel-Baekgaard.jpg\" data-width=\"1080\" data-height=\"720\" aria-label=\"\" role=\"img\" ><\/div>\n\t\t\t\t\t\t\t\t\t\t\t\t\t\t<\/div>\n\t\t\t\t\t\t\t<div class=\"e-gallery-item elementor-gallery-item\">\n\t\t\t\t\t<div class=\"e-gallery-image elementor-gallery-item__image\" data-thumbnail=\"https:\/\/ellevildehotel.dk\/wp-content\/uploads\/2025\/03\/56-grader-foto-Mikkel-Baekgaard-12.jpg\" data-width=\"1200\" data-height=\"800\" aria-label=\"\" role=\"img\" ><\/div>\n\t\t\t\t\t\t\t\t\t\t\t\t\t\t<\/div>\n\t\t\t\t\t<\/div>\n\t\t\t\t\t<\/div>\n\t\t\t\t<\/div>\n\t\t\t\t\t<\/div>\n\t\t\t\t<\/div>\n\t\t<div class=\"elementor-element elementor-element-b7d8132 e-flex e-con-boxed e-con e-parent\" data-id=\"b7d8132\" data-element_type=\"container\" data-e-type=\"container\" data-settings=\"{&quot;background_background&quot;:&quot;classic&quot;}\">\n\t\t\t\t\t<div class=\"e-con-inner\">\n\t\t<div class=\"elementor-element elementor-element-eb4875c e-con-full e-flex e-con e-child\" data-id=\"eb4875c\" data-element_type=\"container\" data-e-type=\"container\" data-settings=\"{&quot;background_background&quot;:&quot;classic&quot;}\">\n\t\t\t\t<div class=\"elementor-element elementor-element-e7aa397 elementor-widget elementor-widget-text-editor\" data-id=\"e7aa397\" data-element_type=\"widget\" data-e-type=\"widget\" data-widget_type=\"text-editor.default\">\n\t\t\t\t<div class=\"elementor-widget-container\">\n\t\t\t\t\t\t\t\t\t<p><strong>Gesellschaft<\/strong><\/p><p>K\u00e4se- und Wurstplatte inkl. Brot<br>Kaffee, Tee und Kuchen<\/p><p>Sch\u00f6n gedeckter Tisch mit einfachen Blumen der Saison<\/p><p>Umschlagpreis pro Person. DKK 275,-<br>max. 80 Personen <\/p><p>Inklusive Anmietung des Ellevilde Boutique Hotels f\u00fcr 3 Stunden<br>(verf\u00fcgbar zwischen 12.00-20.30 Uhr)<\/p><p><em>Getr\u00e4nke werden nach Verbrauch berechnet<\/em><\/p>\t\t\t\t\t\t\t\t<\/div>\n\t\t\t\t<\/div>\n\t\t\t\t<\/div>\n\t\t<div class=\"elementor-element elementor-element-54c3e6b e-con-full e-flex e-con e-child\" data-id=\"54c3e6b\" data-element_type=\"container\" data-e-type=\"container\" data-settings=\"{&quot;background_background&quot;:&quot;classic&quot;}\">\n\t\t\t\t<div class=\"elementor-element elementor-element-fe2793a elementor-widget elementor-widget-menu-anchor\" data-id=\"fe2793a\" data-element_type=\"widget\" data-e-type=\"widget\" data-widget_type=\"menu-anchor.default\">\n\t\t\t\t<div class=\"elementor-widget-container\">\n\t\t\t\t\t\t\t<div class=\"elementor-menu-anchor\" id=\"commemoration\"><\/div>\n\t\t\t\t\t\t<\/div>\n\t\t\t\t<\/div>\n\t\t\t\t<div class=\"elementor-element elementor-element-c0d4bee elementor-widget elementor-widget-heading\" data-id=\"c0d4bee\" data-element_type=\"widget\" data-e-type=\"widget\" data-widget_type=\"heading.default\">\n\t\t\t\t<div class=\"elementor-widget-container\">\n\t\t\t\t\t<h2 class=\"elementor-heading-title elementor-size-default\">GEDENKZEREMONIEN<\/h2>\t\t\t\t<\/div>\n\t\t\t\t<\/div>\n\t\t<div class=\"elementor-element elementor-element-bb3d8a5 e-con-full e-flex e-con e-child\" data-id=\"bb3d8a5\" data-element_type=\"container\" data-e-type=\"container\" data-settings=\"{&quot;background_background&quot;:&quot;classic&quot;}\">\n\t\t\t\t<div class=\"elementor-element elementor-element-5a1b404 elementor-widget elementor-widget-text-editor\" data-id=\"5a1b404\" data-element_type=\"widget\" data-e-type=\"widget\" data-widget_type=\"text-editor.default\">\n\t\t\t\t<div class=\"elementor-widget-container\">\n\t\t\t\t\t\t\t\t\t<p>Unsere friedliche Umgebung ist der perfekte Rahmen f\u00fcr den sch\u00f6nsten Abschied. Sie werden Zeit haben, in Erinnerungen zu schwelgen, und wir sorgen daf\u00fcr, dass die Zeremonie genau Ihren W\u00fcnschen entspricht. <\/p><p>Kontaktieren Sie uns, um die Details zu vereinbaren <a href=\"tel:+4530225720\">+45 30 22 57 20<\/a><\/p>\t\t\t\t\t\t\t\t<\/div>\n\t\t\t\t<\/div>\n\t\t\t\t<\/div>\n\t\t\t\t<\/div>\n\t\t\t\t\t<\/div>\n\t\t\t\t<\/div>\n\t\t<div class=\"elementor-element elementor-element-2bfd178 e-flex e-con-boxed e-con e-parent\" data-id=\"2bfd178\" data-element_type=\"container\" data-e-type=\"container\" data-settings=\"{&quot;background_background&quot;:&quot;classic&quot;}\">\n\t\t\t\t\t<div class=\"e-con-inner\">\n\t\t<div class=\"elementor-element elementor-element-b301adb e-con-full e-flex e-con e-child\" data-id=\"b301adb\" data-element_type=\"container\" data-e-type=\"container\">\n\t\t\t\t<div class=\"elementor-element elementor-element-340a644 elementor-widget elementor-widget-heading\" data-id=\"340a644\" data-element_type=\"widget\" data-e-type=\"widget\" data-widget_type=\"heading.default\">\n\t\t\t\t<div class=\"elementor-widget-container\">\n\t\t\t\t\t<h2 class=\"elementor-heading-title elementor-size-default\">Was Sie wollen, sollen Sie bekommen...<\/h2>\t\t\t\t<\/div>\n\t\t\t\t<\/div>\n\t\t\t\t<\/div>\n\t\t<div class=\"elementor-element elementor-element-496a80d e-con-full e-flex e-con e-child\" data-id=\"496a80d\" data-element_type=\"container\" data-e-type=\"container\">\n\t\t<div class=\"elementor-element elementor-element-a2afaa9 e-con-full e-flex e-con e-child\" data-id=\"a2afaa9\" data-element_type=\"container\" data-e-type=\"container\">\n\t\t\t\t<div class=\"elementor-element elementor-element-727cf7a elementor-widget elementor-widget-text-editor\" data-id=\"727cf7a\" data-element_type=\"widget\" data-e-type=\"widget\" data-widget_type=\"text-editor.default\">\n\t\t\t\t<div class=\"elementor-widget-container\">\n\t\t\t\t\t\t\t\t\t<p>Wir bieten alle Arten von Veranstaltungen an und tun unser Bestes, um alle Ihre W\u00fcnsche zu erf\u00fcllen.<\/p><p>Wir k\u00f6nnen den Raum an die meisten Bed\u00fcrfnisse anpassen, wie z.B. Workshops, Seminare, Meetings, Yogasaal, Meditation und mehr.<\/p><p>Unser 100 Quadratmeter gro\u00dfer Raum kann durch eine Faltt\u00fcr in zwei R\u00e4ume von 40 bzw. 60 Quadratmetern unterteilt werden. <\/p><p>Rufen Sie uns an, um sich \u00fcber die vielen M\u00f6glichkeiten zu informieren und wir machen Ihnen ein Gesamtangebot. Tel: <a href=\"tel:+4530225720\">+45 30 22 57 20<\/a> <\/p>\t\t\t\t\t\t\t\t<\/div>\n\t\t\t\t<\/div>\n\t\t\t\t<\/div>\n\t\t<div class=\"elementor-element elementor-element-364a586 e-con-full e-flex e-con e-child\" data-id=\"364a586\" data-element_type=\"container\" data-e-type=\"container\">\n\t\t\t\t<div class=\"elementor-element elementor-element-1ac683a elementor-widget elementor-widget-text-editor\" data-id=\"1ac683a\" data-element_type=\"widget\" data-e-type=\"widget\" data-widget_type=\"text-editor.default\">\n\t\t\t\t<div class=\"elementor-widget-container\">\n\t\t\t\t\t\t\t\t\t<ul><li>Festraum mit Holzofen und Platz f\u00fcr 80 G\u00e4ste<\/li><li>Flexible Aufteilung mit Faltt\u00fcr, so dass der Raum an die Gr\u00f6\u00dfe des Unternehmens angepasst werden kann<\/li><li>Zugang zur Catering-K\u00fcche<\/li><li>Sie k\u00f6nnen sich selbst um alles k\u00fcmmern oder alles uns \u00fcberlassen<\/li><li>Sch\u00f6ne Umgebung im Freien<\/li><li>Reservierung von 12 Zimmern f\u00fcr bis zu 42 \u00dcbernachtungsg\u00e4ste<\/li><li>Zelte und Wohnwagen k\u00f6nnen auf dem zugeh\u00f6rigen Zelt-\/Wohnwagenplatz mitgebracht werden.<\/li><\/ul>\t\t\t\t\t\t\t\t<\/div>\n\t\t\t\t<\/div>\n\t\t\t\t<\/div>\n\t\t\t\t<\/div>\n\t\t\t\t\t<\/div>\n\t\t\t\t<\/div>\n\t\t\t\t<\/div>\n\t\t","protected":false},"excerpt":{"rendered":"<p>ELLEVILDE VERANSTALTUNGEN Unsere R\u00e4ume sind perfekt f\u00fcr jede Veranstaltung.Bei uns k\u00f6nnen Sie einen Geburtstag, eine Hochzeit, eine Taufe, eine Konfirmationoder ein Familientreffen feiern. Ein Fest bei uns sollte genau so sein, wie Sie es sich ertr\u00e4umen.Sie f\u00fcgen Ihre pers\u00f6nliche Note hinzu und wir k\u00fcmmern uns um den Rest. Wir haben sowohl sch\u00f6ne Innen- als auch [&hellip;]<\/p>\n","protected":false},"author":1,"featured_media":0,"parent":0,"menu_order":0,"comment_status":"closed","ping_status":"closed","template":"","meta":{"footnotes":""},"class_list":["post-2935","page","type-page","status-publish","hentry"],"_links":{"self":[{"href":"https:\/\/ellevildehotel.dk\/de\/wp-json\/wp\/v2\/pages\/2935","targetHints":{"allow":["GET"]}}],"collection":[{"href":"https:\/\/ellevildehotel.dk\/de\/wp-json\/wp\/v2\/pages"}],"about":[{"href":"https:\/\/ellevildehotel.dk\/de\/wp-json\/wp\/v2\/types\/page"}],"author":[{"embeddable":true,"href":"https:\/\/ellevildehotel.dk\/de\/wp-json\/wp\/v2\/users\/1"}],"replies":[{"embeddable":true,"href":"https:\/\/ellevildehotel.dk\/de\/wp-json\/wp\/v2\/comments?post=2935"}],"version-history":[{"count":7,"href":"https:\/\/ellevildehotel.dk\/de\/wp-json\/wp\/v2\/pages\/2935\/revisions"}],"predecessor-version":[{"id":4269,"href":"https:\/\/ellevildehotel.dk\/de\/wp-json\/wp\/v2\/pages\/2935\/revisions\/4269"}],"wp:attachment":[{"href":"https:\/\/ellevildehotel.dk\/de\/wp-json\/wp\/v2\/media?parent=2935"}],"curies":[{"name":"wp","href":"https:\/\/api.w.org\/{rel}","templated":true}]}}